{"id":6526,"date":"2018-01-17T12:16:09","date_gmt":"2018-01-17T12:16:09","guid":{"rendered":"https:\/\/concoursmontreal.ca\/?post_type=cmim-jury&#038;p=6526\/"},"modified":"2021-01-21T06:23:36","modified_gmt":"2021-01-21T06:23:36","slug":"francois-le-roux","status":"publish","type":"cmim-jury","link":"https:\/\/concoursmontreal.ca\/fr\/jury\/francois-le-roux\/","title":{"rendered":"Fran\u00e7ois Le Roux"},"content":{"rendered":"<p style=\"text-align: left;\">Fran\u00e7ois Le Roux commence ses \u00e9tudes de chant avec Fran\u00e7ois\u00a0Loup, puis entre \u00e0 l\u2019Op\u00e9ra-Studio de Paris, o\u00f9 il a comme professeures Vera R\u00f3sza, puis Elisabeth Gr\u00fcmmer. Il est de 1980 \u00e0 1985 membre de la troupe de l\u2019Op\u00e9ra de Lyon, puis il commence une carri\u00e8re internationale l\u2019amenant \u00e0 se produire dans les plus grandes maisons d\u2019op\u00e9ra et prestigieux festivals en Europe, ainsi qu\u2019en Am\u00e9rique.<\/p>\n<p style=\"text-align: left;\">\u00c0 l\u2019op\u00e9ra, son r\u00e9pertoire tr\u00e8s \u00e9tendu va de Monteverdi \u00e0 David\u00a0Lang. Le r\u00f4le de Pell\u00e9as et celui de Golaud dans le seul et m\u00eame op\u00e9ra de Debussy constituent sa carte de visite. Accompagn\u00e9 par Graham Johnson, Roger\u00a0Vignoles, Jeff Cohen, Olivier\u00a0Godin et Christian\u00a0Ivaldi, il chante en r\u00e9cital partout en Europe et en Am\u00e9rique. Parmi ses nombreux enregistrements, signalons les m\u00e9lodies de Faur\u00e9, de Debussy, de Ravel, de Poulenc, de Saint-Sa\u00ebns et de Gounod. Son album, <em>M\u00e9lodies de Henri\u00a0Dutilleux<\/em>, a remport\u00e9 un Orph\u00e9e d\u2019or de l\u2019Acad\u00e9mie du disque lyrique en 2016.\u00a0Son dernier CD consacr\u00e9 \u00e0 Andr\u00e9 Jolivet, avec Olivier Godin au piano, vient de sortir.\u00a0<\/p>\n<p style=\"text-align: left;\">Reconnu comme \u00ab\u00a0<em>Mister M\u00e9lodie<\/em>\u00a0\u00bb par la critique am\u00e9ricaine, il est invit\u00e9 partout dans le monde \u00e0 donner des classes de ma\u00eetre sur l\u2019interpr\u00e9tation de la m\u00e9lodie fran\u00e7aise. En 1997, il cr\u00e9e l\u2019Acad\u00e9mie Francis\u00a0Poulenc d\u2019interpr\u00e9tation de la m\u00e9lodie fran\u00e7aise \u00e0 Tours, dont il est le directeur artistique. Son premier livre, \u00e9crit avec le concours de Romain\u00a0Raynaldy et intitul\u00e9 <em>Le Chant intime, sur l\u2019interpr\u00e9tation de la m\u00e9lodie<\/em>, a obtenu le prix Ren\u00e9\u00a0Dumesnil\u00a02004 de l\u2019Acad\u00e9mie des Beaux-Arts. Il a \u00e9t\u00e9 honor\u00e9 du grade de Chevalier dans l\u2019Ordre des Arts et des Lettres en 1996, et d\u00e9sign\u00e9 \u00ab\u00a0Personnalit\u00e9 musicale de la saison\u00a01997-1998\u00a0\u00bb par le Syndicat Fran\u00e7ais de la Critique musicale et dramatique. Il est professeur de chant au Conservatoire national sup\u00e9rieur de musique et de danse de Paris <em>(CNSMDP) <\/em>et \u00e0 l\u2019\u00c9cole normale de musique Alfred\u00a0Cortot.<\/p>\n<p style=\"text-align: left;\"><em>\u00a0<\/em><\/p>\n","protected":false},"excerpt":{"rendered":"<p>Fran\u00e7ois Le Roux commence ses \u00e9tudes de chant avec Fran\u00e7ois\u00a0Loup, puis entre \u00e0 l\u2019Op\u00e9ra-Studio de Paris, o\u00f9 il a comme professeures Vera R\u00f3sza, puis Elisabeth Gr\u00fcmmer. Il est de 1980 \u00e0 1985 membre de la troupe de l\u2019Op\u00e9ra de Lyon, puis il commence une carri\u00e8re internationale l\u2019amenant \u00e0 se produire dans les plus grandes maisons [&hellip;]<\/p>\n","protected":false},"featured_media":7100,"template":"","class_list":["post-6526","cmim-jury","type-cmim-jury","status-publish","has-post-thumbnail","hentry"],"acf":{"cmim_jury_photo_credits":"","cmim_jury_role":"","cmim_jury_country":""},"featured_media_src_url":"\/wp-content\/uploads\/2018\/03\/Fran\u00e7ois-Le-Roux_credit-Paul-Montag.png","_links":{"self":[{"href":"https:\/\/concoursmontreal.ca\/fr\/wp-json\/wp\/v2\/cmim-jury\/6526","targetHints":{"allow":["GET"]}}],"collection":[{"href":"https:\/\/concoursmontreal.ca\/fr\/wp-json\/wp\/v2\/cmim-jury"}],"about":[{"href":"https:\/\/concoursmontreal.ca\/fr\/wp-json\/wp\/v2\/types\/cmim-jury"}],"wp:featuredmedia":[{"embeddable":true,"href":"https:\/\/concoursmontreal.ca\/fr\/wp-json\/wp\/v2\/media\/7100"}],"wp:attachment":[{"href":"https:\/\/concoursmontreal.ca\/fr\/wp-json\/wp\/v2\/media?parent=6526"}],"curies":[{"name":"wp","href":"https:\/\/api.w.org\/{rel}","templated":true}]}}