{"id":35385,"date":"2024-09-03T05:00:33","date_gmt":"2024-09-03T09:00:33","guid":{"rendered":"https:\/\/concoursmontreal.ca\/?post_type=cmim-jury&#038;p=35385"},"modified":"2025-09-18T12:34:51","modified_gmt":"2025-09-18T16:34:51","slug":"adrianne-pieczonka-2","status":"publish","type":"cmim-jury","link":"https:\/\/concoursmontreal.ca\/fr\/jury\/adrianne-pieczonka-2\/","title":{"rendered":"Adrianne Pieczonka"},"content":{"rendered":"<p style=\"text-align: left;\"><a class=\"maxbutton-158 maxbutton maxbutton-voix-2025-fr\" href=\"https:\/\/concoursmontreal.ca\/fr\/voix-2025\/\"><span class='mb-text'>Voix 2025<\/span><\/a><\/p>\n<p style=\"text-align: left;\"><strong><span style=\"font-size: 18px; color: #ff0000;\">Pr\u00e9sidente du jury &#8211; Voix 2025<\/span><\/strong><\/p>\n<p style=\"text-align: left;\"><span style=\"font-size: 14px;\" data-contrast=\"auto\">La pr\u00e9sidente du jury du Concours musical international de Montr\u00e9al (CMIM) est une actrice artistique importante au sein de l\u2019organisation. De la pr\u00e9paration du concours jusqu&rsquo;\u00e0 l&rsquo;annonce des r\u00e9sultats, elle assume les fonctions de coordinatrice et de superviseure du jury en pr\u00e9sidant avec droiture et \u00e9quit\u00e9 les d\u00e9lib\u00e9rations et les prises de d\u00e9cisions. Elle agit \u00e9galement comme conseill\u00e8re principale aupr\u00e8s de la direction artistique du CMIM, contribuant \u00e0 l&rsquo;orientation et \u00e0 la pr\u00e9paration du concours.<\/span><\/p>\n<p><span style=\"font-size: 14px;\"><strong><span style=\"color: #ff0000;\">* * *<\/span><\/strong><\/span><\/p>\n<p style=\"text-align: left;\"><span style=\"font-size: 14px;\" data-contrast=\"auto\">Appr\u00e9ci\u00e9e pour ses interpr\u00e9tations de Wagner, Strauss, Verdi et Puccini, la soprano canadienne Adrianne Pieczonka a men\u00e9 une carri\u00e8re incroyable totalisant plus de 35 ans sur la sc\u00e8ne internationale.<\/span><\/p>\n<p style=\"text-align: left;\"><span style=\"font-size: 14px;\">Apr\u00e8s avoir fait ses \u00e9tudes \u00e0 l\u2019Universit\u00e9 de Western Ontario et \u00e0 l\u2019Universit\u00e9 de Toronto, elle a remport\u00e9 le premier prix de l\u2019International Vocal Competition \u2019s-Hertogenbosch aux Pays-Bas, ainsi que le premier prix du concours de Mady Mespl\u00e9 en France en 1988.<\/span><\/p>\n<p style=\"text-align: left;\"><span style=\"font-size: 14px;\">Adrianne Pieczonka a entam\u00e9 sa carri\u00e8re au Volksoper de Vienne en 1989. En 1991, elle devient membre de l\u2019Op\u00e9ra national de Vienne, o\u00f9 elle a interpr\u00e9t\u00e9 pendant trois d\u00e9cennies un vaste r\u00e9pertoire allant de Mozart \u00e0 Wagner. Elle a incarn\u00e9 des premiers r\u00f4les sur les plus grandes sc\u00e8nes d\u2019op\u00e9ra du monde, notamment \u00e0 La Scala, au Maggio Musicale Florence, au Royal Opera House Covent Garden, \u00e0 l\u2019Op\u00e9ra Bastille, au Dresden Semperoper, au Berlin Staatsoper Unter den Linden, au Deutsche Oper Berlin, \u00e0 l\u2019Op\u00e9ra d\u2019\u00c9tat de Bavi\u00e8re et \u00e0 l\u2019Op\u00e9ra d\u2019\u00c9tat d\u2019Hambourg, de m\u00eame qu\u2019au Metropolitan Opera, \u00e0 la Canadian Opera Company, au Los Angeles Opera, au San Francisco Opera, au Teatro Colon de Buenos Aires, au New National Theater Tokyo, et bien d\u2019autres encore. Parmi ses r\u00f4les embl\u00e9matiques, citons Tosca, La Mar\u00e9chale, Chrysoth\u00e9mis, Ariadne, Arabella, Senta, Sieglinde, Amelia (<i>Un ballo in Maschera<\/i>) et Elisabetta (<i>Don Carlo<\/i>).\u00a0<\/span><\/p>\n<p style=\"text-align: left;\"><span style=\"font-size: 14px;\">Adrianne Pieczonka s\u2019est \u00e9galement produite au Festival de Bayreuth, o\u00f9 elle a chant\u00e9 Sieglinde dans <i>Die Walk\u00fcre<\/i> et Senta dans <i>Le vaisseau fant\u00f4me<\/i> de Wagner. Elle a particip\u00e9 \u00e0 de nombreuses reprises au Festival de Salzbourg (<i>Der Rosenkavalier<\/i>,<i> Don Carlo<\/i> et <i>Fidelio<\/i>) et au Festival de Glyndebourne (<i>Don Giovanni<\/i> et <i>Arabella<\/i>). En 2013, elle a fait ses d\u00e9buts au Festival d\u2019Aix-en-Provence, interpr\u00e9tant Chrysoth\u00e9mis dans une production d\u2019<i>Elektra<\/i> mise en sc\u00e8ne par Patrice Chereau.<\/span><\/p>\n<p style=\"text-align: left;\"><span style=\"font-size: 14px;\">Adrianne Pieczonka a chant\u00e9 sous la baguette de chefs d\u2019orchestre tels que Sir Georg Solti, Claudio Abbado, Daniel Barenboim, Colin Davis, Riccardo Muti, James Levine, Zubin Mehta, Yannick N\u00e9zet-Seguin, Christian Thielemann, Franz Welser M\u00f6st, Kent Nagano, Kirill Petrenko, Andris Nelsons et Esa Pekka Salonen, entre autres. Elle s\u2019est produite sur la sc\u00e8ne internationale lors de nombreux concerts et r\u00e9citals, et a r\u00e9cemment chant\u00e9 les <i>Vier letzte Lieder<\/i> de Strauss avec l\u2019OSM sous la direction d\u2019Alexander Shelley, de m\u00eame que pr\u00e9sent\u00e9 un r\u00e9cital au Festival de Lanaudi\u00e8re accompagn\u00e9e par Michael McMahon, en plus d\u2019avoir r\u00e9cemment interpr\u00e9t\u00e9 le <i>Winterreise<\/i> de Schubert \u00e0 Madrid et \u00e0 Toronto.<\/span><\/p>\n<p style=\"text-align: left;\"><span style=\"font-size: 14px;\">Son dernier album, <i>Lyrical Echoes<\/i>, est paru en 2021 chez Analekta, et comprend des lieder de Clara Schumann interpr\u00e9t\u00e9s conjointement avec la pianiste Liz Upchurch. En 2010, son album d\u2019arias de Puccini a remport\u00e9 un prix Juno.<\/span><\/p>\n<p style=\"text-align: left;\"><span style=\"font-size: 14px;\">Adrianne a \u00e9t\u00e9 nomm\u00e9e <i>Kammers\u00e4ngerin<\/i> par le Wiener Staatsoper en 2007, et Officier de l\u2019Ordre du Canada en 2008. En 2009, elle est devenue membre de la Soci\u00e9t\u00e9 royale du Canada, et a en 2013 \u00e9t\u00e9 nomm\u00e9e membre honoraire du Royal Conservatory. Adrianne est \u00e9galement titulaire de doctorats honorifiques de l\u2019Universit\u00e9 McMaster et de l\u2019Universit\u00e9 de Western Ontario.<\/span><\/p>\n<p style=\"text-align: left;\"><span style=\"font-size: 14px;\">Depuis 2019, Adrianne Pieczonka est titulaire du D\u00e9partement en chant de l\u2019\u00c9cole Glenn Gould du Royal Conservatory of Music de Toronto. Elle participe activement \u00e0 des cours de ma\u00eetre dans de nombreuses universit\u00e9s, et travaille souvent avec de jeunes chanteurs professionnels dans le cadre de programmes pour jeunes artistes, comme ceux du Wiener Staatsoper et de la Canadian Opera Company. Adrianne Pieczonka a fait partie du jury international du Concours musical international de Montr\u00e9al lors de son \u00e9dition Voix 2022.\u00a0<\/span><\/p>\n<p style=\"text-align: center;\">\u00a0<\/p>\n<p style=\"text-align: center;\"><a href=\"https:\/\/www.ritzcarlton.com\/fr\/hotels\/yulrm-the-ritz-carlton-montreal\/overview\/\"><a class=\"maxbutton-160 maxbutton maxbutton-jurys-2026-fr\" href=\"https:\/\/concoursmontreal.ca\/fr\/violin-2026\/jurys\"><span class='mb-text'>JURYS 2026<\/span><\/a><\/a><\/p>\n<p><\/p>\n<p style=\"text-align: center;\"><a href=\"https:\/\/www.ritzcarlton.com\/fr\/hotels\/yulrm-the-ritz-carlton-montreal\/overview\/\"><img loading=\"lazy\" decoding=\"async\" class=\" wp-image-33226 aligncenter\" src=\"\/wp-content\/uploads\/2023\/10\/Ritz-Carlton_Montreal_Logo.svg_.png\" alt=\"\" width=\"140\" height=\"103\" \/><\/a><\/p>\n<p style=\"text-align: center;\">Le jury de Voix 2025 est h\u00e9berg\u00e9 au Ritz-Carlton \u2013 Montr\u00e9al<\/p>\n<p>&nbsp;<\/p>\n<p style=\"text-align: center;\"><a class=\"maxbutton-158 maxbutton maxbutton-voix-2025-fr\" href=\"https:\/\/concoursmontreal.ca\/fr\/voix-2025\/\"><span class='mb-text'>Voix 2025<\/span><\/a><\/p>\n<p style=\"text-align: center;\"><a class=\"maxbutton-141 maxbutton maxbutton-billets-et-forfaits\" href=\"https:\/\/www.concoursmontreal.ca\/fr\/violon-2026\/billetterie\/\"><span class='mb-text'>BILLETS ET FORFAITS<\/span><\/a><\/p>\n<p style=\"text-align: center;\"><a class=\"maxbutton-74 maxbutton maxbutton-donnez-au-concours\" href=\"https:\/\/www.concoursmontreal.ca\/fr\/appuyez\/faire-un-don\/\"><span class='mb-text'>DONNEZ AU CONCOURS<\/span><\/a><\/p>\n","protected":false},"excerpt":{"rendered":"<p>Pr\u00e9sidente du jury &#8211; Voix 2025 La pr\u00e9sidente du jury du Concours musical international de Montr\u00e9al (CMIM) est une actrice artistique importante au sein de l\u2019organisation. De la pr\u00e9paration du concours jusqu&rsquo;\u00e0 l&rsquo;annonce des r\u00e9sultats, elle assume les fonctions de coordinatrice et de superviseure du jury en pr\u00e9sidant avec droiture et \u00e9quit\u00e9 les d\u00e9lib\u00e9rations et [&hellip;]<\/p>\n","protected":false},"featured_media":38557,"template":"","class_list":["post-35385","cmim-jury","type-cmim-jury","status-publish","has-post-thumbnail","hentry"],"acf":{"cmim_jury_photo_credits":"","cmim_jury_role":"","cmim_jury_country":""},"featured_media_src_url":"\/wp-content\/uploads\/2025\/03\/Pieczonka-Adrianne-voix-2022-400-fr.png","_links":{"self":[{"href":"https:\/\/concoursmontreal.ca\/fr\/wp-json\/wp\/v2\/cmim-jury\/35385","targetHints":{"allow":["GET"]}}],"collection":[{"href":"https:\/\/concoursmontreal.ca\/fr\/wp-json\/wp\/v2\/cmim-jury"}],"about":[{"href":"https:\/\/concoursmontreal.ca\/fr\/wp-json\/wp\/v2\/types\/cmim-jury"}],"wp:featuredmedia":[{"embeddable":true,"href":"https:\/\/concoursmontreal.ca\/fr\/wp-json\/wp\/v2\/media\/38557"}],"wp:attachment":[{"href":"https:\/\/concoursmontreal.ca\/fr\/wp-json\/wp\/v2\/media?parent=35385"}],"curies":[{"name":"wp","href":"https:\/\/api.w.org\/{rel}","templated":true}]}}