{"id":35379,"date":"2024-09-03T05:00:50","date_gmt":"2024-09-03T09:00:50","guid":{"rendered":"https:\/\/concoursmontreal.ca\/?post_type=cmim-jury&#038;p=35379"},"modified":"2025-09-18T12:35:28","modified_gmt":"2025-09-18T16:35:28","slug":"susan-graham","status":"publish","type":"cmim-jury","link":"https:\/\/concoursmontreal.ca\/fr\/jury\/susan-graham\/","title":{"rendered":"Susan Graham"},"content":{"rendered":"<p style=\"text-align: left;\"><a class=\"maxbutton-158 maxbutton maxbutton-voix-2025-fr\" href=\"https:\/\/concoursmontreal.ca\/fr\/voix-2025\/\"><span class='mb-text'>Voix 2025<\/span><\/a><\/p>\n<p style=\"text-align: left;\"><span style=\"font-size: 14px;\">Salu\u00e9e comme \u00ab une artiste \u00e0 ch\u00e9rir \u00bb par le <i>New York Times<\/i>, Susan Graham est parvenue au plus haut niveau des artistes internationaux en seulement quelques ann\u00e9es apr\u00e8s ses d\u00e9buts professionnels, ma\u00eetrisant un \u00e9ventail impressionnant de r\u00e9pertoires et de genres.<\/span><\/p>\n<p style=\"text-align: left;\"><span style=\"font-size: 14px;\">Les r\u00f4les qu\u2019elle interpr\u00e8te s\u2019\u00e9chelonnent sur plus de quatre si\u00e8cles, allant de la Popp\u00e9e de Monteverdi \u00e0 s\u0153ur Helen Prejean dans <i>Dead Man Walking<\/i> de Jake Heggie, r\u00f4le qui a d\u2019ailleurs \u00e9t\u00e9 compos\u00e9 pour elle. Visage familier du Metropolitan Opera de New York, elle maintient tout de m\u00eame une pr\u00e9sence internationale importante, se produisant dans des salles renomm\u00e9es telles que le Th\u00e9\u00e2tre du Ch\u00e2telet \u00e0 Paris, le Santa Fe Opera ou le Hollywood Bowl. Elle a remport\u00e9 un Grammy Award pour son interpr\u00e9tation des m\u00e9lodies de Ives, et est \u00e9galement reconnue comme \u00e9tant l\u2019une des plus grandes interpr\u00e8tes de musique vocale fran\u00e7aise. Bien qu\u2019originaire du Texas, elle s\u2019est vu octroyer par le gouvernement fran\u00e7ais la prestigieuse distinction de \u00ab\u202fChevalier de la L\u00e9gion d\u2019honneur\u202f\u00bb, \u00e0 la fois pour sa popularit\u00e9 comme interpr\u00e8te en France et en reconnaissance de son engagement envers la musique fran\u00e7aise.<\/span><\/p>\n<p style=\"text-align: left;\"><span style=\"font-size: 14px;\">Susan Graham a d\u00e9but\u00e9 la saison 2024-2025 en interpr\u00e9tant le r\u00f4le de Desiree Armfeldt dans <i>A Little Night Music<\/i> en concert au Lincoln Center avec l\u2019Orchestre de St. Luke\u2019s et une riche distribution. Elle s\u2019est par la suite produite en concert au Boston Symphony Orchestra dans le cadre d\u2019un gala visant \u00e0 rendre hommage \u00e0 Maestro Andris Nelsons. Elle a chant\u00e9 la Marquise de Berkenfield dans <i>La fille du r\u00e9giment<\/i> lors de son retour \u00e0 l\u2019Op\u00e9ra national de Paris, et a \u00e9galement interpr\u00e9t\u00e9 la Baronnesse dans <i>Vanessa<\/i> aux c\u00f4t\u00e9s du National Symphony Orchestra dirig\u00e9 par Gianandrea Noseda. Elle est par la suite revenue \u00e0 Carnegie Hall avec l\u2019Orchestra de St. Luke\u2019s pour <i>A Standing Witness<\/i> de Richard Danielpour, \u0153uvre compos\u00e9e sp\u00e9cialement pour elle et cr\u00e9\u00e9e lors de la saison 2022-2023.<\/span><\/p>\n<p style=\"text-align: left;\"><span style=\"font-size: 14px;\">Au cours des r\u00e9centes saisons, Susan Graham a renou\u00e9 avec l\u2019op\u00e9ra <i>Dead Man Walking <\/i>en interpr\u00e9tant cette fois le r\u00f4le de Madame Patrick De Rocher, tout particuli\u00e8rement lors de l\u2019inauguration de la saison du Metropolitan Opera de New York, sous la direction de Yannick N\u00e9zet-S\u00e9guin. Elle a aussi particip\u00e9 \u00e0 titre d\u2019artiste invit\u00e9e au 46e Kennedy Center Honors Gala, t\u00e9l\u00e9diffus\u00e9 sur la cha\u00eene nationale, qui rendait hommage \u00e0 sa coll\u00e8gue et amie de longue date Ren\u00e9e Fleming, et a fait ses d\u00e9buts avec le Detroit Opera dans <i>Europeras 4<\/i>. Elle a entam\u00e9 la saison 2023-2024 avec le Music from Copland House, participant \u00e0 la cr\u00e9ation de <i>A Standing Witness<\/i>. Elle a par la suite interpr\u00e9t\u00e9 Hanna Glawari dans <i>The Merry Widow<\/i> lors de l\u2019\u00e9dition 2022 du gala du Dallas Symphony, aux c\u00f4t\u00e9s de Fabio Luisi et Thomas Hampson. Elle a aussi chant\u00e9 Genevi\u00e8ve dans la production de <i>Pell\u00e9as et M\u00e9lisande<\/i> de Sir David McVicar\u2019s au Los Angeles Opera sous la direction de James Conlon, et a r\u00e9interpr\u00e9t\u00e9 le r\u00f4le par la suite au Sante Fe Opera.<\/span><\/p>\n<p style=\"text-align: left;\"><span style=\"font-size: 14px;\">Susan Graham a \u00e9galement chant\u00e9 Madame Patrick de Rocher dans la cr\u00e9ation de <i>Dead Man Walking<\/i> au Lyric Opera of Chicago. En concert, elle a interpr\u00e9t\u00e9 <i>La mort de Cl\u00e9op\u00e2tre<\/i> de Berlioz et des extraits des <i>Troyens<\/i> du m\u00eame compositeur avec Sir Donald Runnicles et l\u2019orchestre du Deutsche Oper Berlin au Berlin Musikfest. Elle s\u2019est notamment associ\u00e9e au pianiste Malcolm Martineau afin d\u2019interpr\u00e9ter en r\u00e9cital les <i>R\u00fcckert-Lieder<\/i> de Mahler lors des Performances series de Berkeley, et son programme inspir\u00e9 de Schumann intitul\u00e9 <i>Frauenliebe und-Leben : Variations<\/i> lors de la Fort Worth\u2019s Cliburn Concert Series et au Lincoln Center de New York. Graham a \u00e9galement rejoint Andris Nelsons et le Boston Symphony pour la <i>Symphonie n\u00ba 3<\/i> de Mahler au BBC Proms de Londres, et par la suite \u00e0 Berlin, Leipzig, Vienne, Lucerne et Paris. Elle a fait ses d\u00e9buts dans le r\u00f4le de la sorci\u00e8re du <i>Hansel et Gretel<\/i> d\u2019Humperdinck au Los Angeles Opera, a anim\u00e9 \u00ab An Evening with Susan Graham \u00bb au Meyerson Symphony Center de Dallas, a chant\u00e9 les <i>Chants d\u2019Auvergne<\/i> de Canteloube avec David Robertson et le Sydney Symphony, a fait partie de la distribution du gala de cl\u00f4ture de la saison du Mayshad Foundation \u00e0 Marrakech et est revenue \u00e0 Carnegie Hall, d\u2019abord avec l\u2019Orchestre de St. Luke\u2019s et par la suite avec Alec Baldwin et Leonard Slatkin pour le concert gala du centenaire de la Manhattan School of Music. Afin de souligner le 150e anniversaire du d\u00e9c\u00e8s de Berlioz, elle a interpr\u00e9t\u00e9 <i>Les nuits d\u2019\u00e9t\u00e9<\/i> avec le Houston Symphony et a fait ses d\u00e9buts en Nouvelle-Z\u00e9lande avec <i>La mort de Cl\u00e9op\u00e2tre<\/i> aux c\u00f4t\u00e9s du New Zealand Symphony sous la direction d\u2019Edo de Waart.<\/span><\/p>\n<p style=\"text-align: left;\"><span style=\"font-size: 14px;\">Les autres faits saillants de sa carri\u00e8re incluent sa participation \u00e0 <i>Trouble in Tahiti<\/i> au Lyric Opera of Chicago en honneur du centenaire de la naissance de Leonard Bernstein, sa prise du r\u00f4le-titre de l\u2019op\u00e9ra <i>Regina<\/i> de Marc Blitzstein cr\u00e9\u00e9 en 1948 \u00e0 l\u2019Opera Theatre de Saint-Louis aux c\u00f4t\u00e9s de James Morris, et son apparition avec Anna Netrebko, Ren\u00e9e Fleming et d\u2019autres sommit\u00e9s lyriques lors des c\u00e9l\u00e9brations du 50e anniversaire du Metropolitan Opera au Lincoln Center.\u00a0<\/span><\/p>\n<p style=\"text-align: left;\"><a href=\"https:\/\/www.jedonneenligne.org\/cmim\/25PARRAIN\/\" target=\"_blank\" rel=\"noopener\"><img loading=\"lazy\" decoding=\"async\" class=\"alignnone wp-image-37201\" style=\"text-align: left;\" src=\"\/wp-content\/uploads\/2025\/01\/Voix2025_parrainage-sponsorship_fr_400x168.png\" alt=\"\" width=\"200\" height=\"84\" \/><\/a> <br \/><span style=\"font-size: 14px;\"><br \/>La pr\u00e9sence \u00e0 Montr\u00e9al de <strong>Susan Graham<\/strong> est g\u00e9n\u00e9reusement parrain\u00e9e par <span style=\"color: #fc4237;\"><strong>La Fondation Lise et Richard Fortin<\/strong><\/span>.<br \/><\/span><\/p>\n<p style=\"text-align: left;\">\u00a0<\/p>\n<p style=\"text-align: center;\"><a href=\"https:\/\/www.ritzcarlton.com\/fr\/hotels\/yulrm-the-ritz-carlton-montreal\/overview\/\"><a class=\"maxbutton-160 maxbutton maxbutton-jurys-2026-fr\" href=\"https:\/\/concoursmontreal.ca\/fr\/violin-2026\/jurys\"><span class='mb-text'>JURYS 2026<\/span><\/a><\/a><\/p>\n<p><\/p>\n<p style=\"text-align: center;\"><a href=\"https:\/\/www.ritzcarlton.com\/fr\/hotels\/yulrm-the-ritz-carlton-montreal\/overview\/\"><img loading=\"lazy\" decoding=\"async\" class=\" wp-image-33226 aligncenter\" src=\"\/wp-content\/uploads\/2023\/10\/Ritz-Carlton_Montreal_Logo.svg_.png\" alt=\"\" width=\"140\" height=\"103\" \/><\/a><\/p>\n<p style=\"text-align: center;\">Le jury de Voix 2025 est h\u00e9berg\u00e9 au Ritz-Carlton \u2013 Montr\u00e9al<\/p>\n<p>&nbsp;<\/p>\n<p style=\"text-align: center;\"><a class=\"maxbutton-158 maxbutton maxbutton-voix-2025-fr\" href=\"https:\/\/concoursmontreal.ca\/fr\/voix-2025\/\"><span class='mb-text'>Voix 2025<\/span><\/a><\/p>\n<p style=\"text-align: center;\"><a class=\"maxbutton-141 maxbutton maxbutton-billets-et-forfaits\" href=\"https:\/\/www.concoursmontreal.ca\/fr\/violon-2026\/billetterie\/\"><span class='mb-text'>BILLETS ET FORFAITS<\/span><\/a><\/p>\n<p style=\"text-align: center;\"><a class=\"maxbutton-74 maxbutton maxbutton-donnez-au-concours\" href=\"https:\/\/www.concoursmontreal.ca\/fr\/appuyez\/faire-un-don\/\"><span class='mb-text'>DONNEZ AU CONCOURS<\/span><\/a><\/p>\n","protected":false},"excerpt":{"rendered":"<p>Salu\u00e9e comme \u00ab une artiste \u00e0 ch\u00e9rir \u00bb par le New York Times, Susan Graham est parvenue au plus haut niveau des artistes internationaux en seulement quelques ann\u00e9es apr\u00e8s ses d\u00e9buts professionnels, ma\u00eetrisant un \u00e9ventail impressionnant de r\u00e9pertoires et de genres. Les r\u00f4les qu\u2019elle interpr\u00e8te s\u2019\u00e9chelonnent sur plus de quatre si\u00e8cles, allant de la Popp\u00e9e [&hellip;]<\/p>\n","protected":false},"featured_media":35407,"template":"","class_list":["post-35379","cmim-jury","type-cmim-jury","status-publish","has-post-thumbnail","hentry"],"acf":{"cmim_jury_photo_credits":"","cmim_jury_role":"","cmim_jury_country":""},"featured_media_src_url":"\/wp-content\/uploads\/2024\/08\/Graham-Susan.png","_links":{"self":[{"href":"https:\/\/concoursmontreal.ca\/fr\/wp-json\/wp\/v2\/cmim-jury\/35379","targetHints":{"allow":["GET"]}}],"collection":[{"href":"https:\/\/concoursmontreal.ca\/fr\/wp-json\/wp\/v2\/cmim-jury"}],"about":[{"href":"https:\/\/concoursmontreal.ca\/fr\/wp-json\/wp\/v2\/types\/cmim-jury"}],"wp:featuredmedia":[{"embeddable":true,"href":"https:\/\/concoursmontreal.ca\/fr\/wp-json\/wp\/v2\/media\/35407"}],"wp:attachment":[{"href":"https:\/\/concoursmontreal.ca\/fr\/wp-json\/wp\/v2\/media?parent=35379"}],"curies":[{"name":"wp","href":"https:\/\/api.w.org\/{rel}","templated":true}]}}