{"id":6894,"date":"2018-03-02T15:12:00","date_gmt":"2018-03-02T15:12:00","guid":{"rendered":"https:\/\/concoursmontreal.ca\/?post_type=cmim-competitors&#038;p=6894"},"modified":"2021-02-01T03:06:00","modified_gmt":"2021-02-01T03:06:00","slug":"tomi-punkeri","status":"publish","type":"cmim-competitors","link":"https:\/\/concoursmontreal.ca\/fr\/concurrents\/tomi-punkeri\/","title":{"rendered":"Tomi Punkeri"},"content":{"rendered":"<h2 style=\"text-align: left;\">\u00c9dition Voix 2018 &#8211; VOLET M\u00c9LODIE<\/h2>\n<p style=\"text-align: left;\"><a class=\"maxbutton-37 maxbutton maxbutton-chant-2018\" href=\"https:\/\/www.concoursmontreal.ca\/fr\/archives\/chant-2018\/\"><span class='mb-text'>Chant 2018<\/span><\/a>\u00a0<\/p>\n<h2 style=\"text-align: left;\">\u00a0<\/h2>\n<h2 style=\"text-align: left;\">Baryton<\/h2>\n<p style=\"text-align: left;\">Biographie 2018 : Le baryton finlandais Tomi Punkeri \u00e9tudie le chant \u00e0 l\u2019Oulu University of Applied Sciences sous la direction de Markku Liukkonen. En 2016, il a re\u00e7u un prix sp\u00e9cial au Concours national de chant de Lappeenranta. En 2015, il a remport\u00e9 le Deuxi\u00e8me prix au Concours Helsinki Lied et a atteint les finales du Concours Timo Mustakallio du Savonlinna Opera Festival.<\/p>\n<p style=\"text-align: left;\">Tomi a fait ses d\u00e9buts \u00e0 l\u2019op\u00e9ra \u00e0 l\u2019Oulu City Theatre dans le r\u00f4le de Vanhala dans <em>Le Soldat inconnu<\/em> de Tauno Pylkk\u00e4nen en 2014. La premi\u00e8re fois qu&rsquo;il a tenu le r\u00f4le principal dans l&rsquo;op\u00e9ra <em>Abraham&rsquo;s Feast<\/em> de Jukka Linkola \u00e0 Oulu en 2017.\u00a0En plus de l\u2019op\u00e9ra, Tomi a \u00e9t\u00e9 soliste dans plusieurs oratorios et passions et a fait des r\u00e9citals de lieder partout en Finlande. \u00c0 l\u2019\u00e9t\u00e9 2017, il a chant\u00e9 <em>La Belle Meuni\u00e8re<\/em> de Franz Schubert avec grand succ\u00e8s en collaboration avec le professeur \u00e9m\u00e9rite Jorma Hynninen, baryton, de l\u2019acad\u00e9mie Sibelius. En plus de sa carri\u00e8re de chanteur, Tomi est bachelier en musique sacr\u00e9e et titulaire d\u2019une licence en m\u00e9decine de l\u2019Universit\u00e9 d\u2019Oulu.<\/p>\n<p style=\"text-align: left;\"><strong>Tomi Punkeri est g\u00e9n\u00e9reusement parrain\u00e9 par la Fondation Libermont.<\/strong><\/p>\n<hr \/>\n<p style=\"text-align: left;\"><span style=\"color: #ff0000;\"><strong>M\u00c9LODIE<\/strong><\/span><\/p>\n<p style=\"text-align: left;\"><strong>PREMI\u00c8RE \u00c9PREUVE<\/strong><\/p>\n<p style=\"text-align: left;\"><strong>Hugo Wolf<\/strong><br \/>Der Tambour (<em>M\u00f6rike-Lieder<\/em>)<\/p>\n<p style=\"text-align: left;\"><strong>Ralph Vaughan Williams<\/strong><br \/>Youth and Love (<em>Songs of Travel<\/em>)<\/p>\n<p style=\"text-align: left;\"><strong>Franz Schubert<\/strong><br \/>Normans Gesang D. 846<\/p>\n<p style=\"text-align: left;\"><strong>Gabriel Faur\u00e9<\/strong><br \/>Les Berceaux op. 23 n\u00b0 1<\/p>\n<p style=\"text-align: left;\"><strong>Richard Strauss<\/strong><br \/>Nichts (<em>Acht Gedichte aus Letzte Bl\u00e4tter<\/em> op. 10)\u00a0\u00a0\u00a0\u00a0\u00a0<\/p>\n<p style=\"text-align: left;\"><strong>\u00a0<\/strong><\/p>\n<p style=\"text-align: left;\"><strong>DEMI-FINALE<\/strong><\/p>\n<p style=\"text-align: left;\"><strong>Maurice Ravel<\/strong><br \/><em>Don Quichotte \u00e0 Dulcin\u00e9e<\/em><em>\u00a0\u00a0\u00a0\u00a0 <br \/><\/em>Chanson romanesque<br \/>Chanson \u00e9pique<br \/>Chanson \u00e0 boire<\/p>\n<p style=\"text-align: left;\"><strong>Einojuhani Rautavaara<\/strong><br \/>Syd\u00e4meni laulu<\/p>\n<p style=\"text-align: left;\"><strong>Johannes Brahms<\/strong><br \/>Wie bist du, meine K\u00f6nigin op. 32 n\u00b0 9<\/p>\n<p style=\"text-align: left;\"><strong>Jean Sibelius<\/strong><br \/>J\u00e4gargossen op. 13 n\u00b0 7<br \/>Den f\u00f6rsta kyssen op. 37 n\u00b0 1<br \/>Im Feld ein M\u00e4dchen singt op. 50 n\u00b0 3<br \/>Vilse op. 17 n\u00b0 4<\/p>\n<p style=\"text-align: left;\">\u00a0<\/p>\n<p style=\"text-align: left;\"><strong>FINALE<\/strong><\/p>\n<p style=\"text-align: left;\"><strong>Oskar Merikanto<\/strong><br \/>Nuoruuden ylistys op. 69 n\u00b0 3<\/p>\n<p style=\"text-align: left;\"><strong>Roger Quilter<\/strong><br \/><em>To Julia<\/em> op. 8\u00a0<br \/>The Night Piece<br \/>Julia&rsquo;s Hair<\/p>\n<p style=\"text-align: left;\"><strong>Sergue\u00ef Rachmaninov<\/strong><br \/>Ni\u00e9 po\u00ef, krasavitsa, pri mni\u00e9 op. 4 n\u00b0 4<\/p>\n<p style=\"text-align: left;\"><strong>Franz Schubert<\/strong><br \/><em>Schwanengesang<\/em> D.957<br \/>Der Atlas<br \/>Ihr Bild<br \/>Das Fischerm\u00e4dchen<br \/>Die Stadt<br \/>Am Meer<\/p>\n<p style=\"text-align: left;\"><strong>Erik Bergman<\/strong><br \/>J\u00e4ntblig op. 21 n\u00b0 2<\/p>\n<p style=\"text-align: left;\"><strong>Ture Rangst\u00f6m<\/strong><br \/><em>Kung Eriks visor<\/em><em>\u00a0 \u00a0 \u00a0 \u00a0 \u00a0<br \/><\/em>En visa om n\u00e4r jag var lustig med Welam Welamsson<br \/>En visa till Karin n\u00e4r hon hade dansat<br \/>Kung Eriks sista visa<\/p>\n<p><strong>Pianiste : Olivier Godin\u00a0<\/strong><\/p>\n","protected":false},"excerpt":{"rendered":"<p>\u00c9dition Voix 2018 &#8211; VOLET M\u00c9LODIE \u00a0 \u00a0 Baryton Biographie 2018 : Le baryton finlandais Tomi Punkeri \u00e9tudie le chant \u00e0 l\u2019Oulu University of Applied Sciences sous la direction de Markku Liukkonen. En 2016, il a re\u00e7u un prix sp\u00e9cial au Concours national de chant de Lappeenranta. En 2015, il a remport\u00e9 le Deuxi\u00e8me prix [&hellip;]<\/p>\n","protected":false},"featured_media":6673,"template":"","class_list":["post-6894","cmim-competitors","type-cmim-competitors","status-publish","has-post-thumbnail","hentry"],"acf":{"cmim_competitors_photo_credits":"Miia Sinikumpu","cmim_competitors_date_of_birth":"1991-02-16","cmim_competitors_country":"Finlande","cmim_competitors_range":"Voix 2018"},"featured_media_src_url":"\/wp-content\/uploads\/2018\/02\/punkeri-tomi-johannes-509_photo-1-300x300.jpg","_links":{"self":[{"href":"https:\/\/concoursmontreal.ca\/fr\/wp-json\/wp\/v2\/cmim-competitors\/6894","targetHints":{"allow":["GET"]}}],"collection":[{"href":"https:\/\/concoursmontreal.ca\/fr\/wp-json\/wp\/v2\/cmim-competitors"}],"about":[{"href":"https:\/\/concoursmontreal.ca\/fr\/wp-json\/wp\/v2\/types\/cmim-competitors"}],"version-history":[{"count":4,"href":"https:\/\/concoursmontreal.ca\/fr\/wp-json\/wp\/v2\/cmim-competitors\/6894\/revisions"}],"predecessor-version":[{"id":17048,"href":"https:\/\/concoursmontreal.ca\/fr\/wp-json\/wp\/v2\/cmim-competitors\/6894\/revisions\/17048"}],"wp:featuredmedia":[{"embeddable":true,"href":"https:\/\/concoursmontreal.ca\/fr\/wp-json\/wp\/v2\/media\/6673"}],"wp:attachment":[{"href":"https:\/\/concoursmontreal.ca\/fr\/wp-json\/wp\/v2\/media?parent=6894"}],"curies":[{"name":"wp","href":"https:\/\/api.w.org\/{rel}","templated":true}]}}