{"id":37362,"date":"2025-02-04T08:43:51","date_gmt":"2025-02-04T13:43:51","guid":{"rendered":"https:\/\/concoursmontreal.ca\/?post_type=cmim-competitors&#038;p=37362"},"modified":"2025-05-28T18:31:04","modified_gmt":"2025-05-28T22:31:04","slug":"daria-brusova","status":"publish","type":"cmim-competitors","link":"https:\/\/concoursmontreal.ca\/fr\/concurrents\/daria-brusova\/","title":{"rendered":"Daria Brusova"},"content":{"rendered":"<p style=\"text-align: left;\"><a class=\"maxbutton-158 maxbutton maxbutton-voix-2025-fr\" href=\"https:\/\/concoursmontreal.ca\/fr\/voix-2025\/\"><span class='mb-text'>Voix 2025<\/span><\/a> <\/p>\n\n<p>&nbsp;<\/p>\n<p style=\"text-align: left;\"><span class=\"TextRun SCXW80684133 BCX8\" lang=\"FR-FR\" xml:lang=\"FR-FR\" data-contrast=\"auto\"><span class=\"NormalTextRun SCXW80684133 BCX8\">Daria <\/span><span class=\"NormalTextRun SpellingErrorV2Themed SCXW80684133 BCX8\">Brusova<\/span><span class=\"NormalTextRun SCXW80684133 BCX8\"> est pr\u00e9sentement membre du Dutch National Opera Studio, o\u00f9 elle interpr<\/span><span class=\"NormalTextRun SCXW80684133 BCX8\">\u00e9tera<\/span> <span class=\"NormalTextRun SCXW80684133 BCX8\">notamment <\/span><span class=\"NormalTextRun SCXW80684133 BCX8\">cette ann\u00e9e les r\u00f4les d\u2019Il <\/span><span class=\"NormalTextRun SpellingErrorV2Themed SCXW80684133 BCX8\">Paggio<\/span><span class=\"NormalTextRun SCXW80684133 BCX8\"> dans <\/span><\/span><span class=\"TextRun SCXW80684133 BCX8\" lang=\"FR-FR\" xml:lang=\"FR-FR\" data-contrast=\"auto\"><span class=\"NormalTextRun SpellingErrorV2Themed SCXW80684133 BCX8\">Rigoletto<\/span><\/span><span class=\"TextRun SCXW80684133 BCX8\" lang=\"FR-FR\" xml:lang=\"FR-FR\" data-contrast=\"auto\"><span class=\"NormalTextRun SCXW80684133 BCX8\"> et Belinda dans <\/span><\/span><span class=\"TextRun SCXW80684133 BCX8\" lang=\"FR-FR\" xml:lang=\"FR-FR\" data-contrast=\"auto\"><span class=\"NormalTextRun SCXW80684133 BCX8\">Didon et \u00c9n\u00e9e<\/span><span class=\"NormalTextRun SCXW80684133 BCX8\">.<\/span><\/span><span class=\"TextRun SCXW80684133 BCX8\" lang=\"FR-FR\" xml:lang=\"FR-FR\" data-contrast=\"auto\"> <span class=\"NormalTextRun SCXW80684133 BCX8\">La soprano<\/span><span class=\"NormalTextRun SCXW80684133 BCX8\"> a obtenu son baccalaur\u00e9at <\/span><span class=\"NormalTextRun SCXW80684133 BCX8\">au<\/span><span class=\"NormalTextRun SCXW80684133 BCX8\"> Conservatoire d\u2019\u00c9tat de Moscou et a particip\u00e9 au programme pour jeunes artistes du Th\u00e9\u00e2tre <\/span><span class=\"NormalTextRun SpellingErrorV2Themed SCXW80684133 BCX8\">Bolsho\u00ef<\/span><span class=\"NormalTextRun SCXW80684133 BCX8\"> de la m\u00eame ville<\/span><span class=\"NormalTextRun SCXW80684133 BCX8\">. En <\/span><span class=\"NormalTextRun SCXW80684133 BCX8\">2024<\/span><span class=\"NormalTextRun SCXW80684133 BCX8\">, elle a <\/span><span class=\"NormalTextRun SCXW80684133 BCX8\">\u00e9t\u00e9 s\u00e9lectionn\u00e9e afin de p<\/span><span class=\"NormalTextRun SCXW80684133 BCX8\">rendre part <\/span><span class=\"NormalTextRun SCXW80684133 BCX8\">\u00e0 l\u2019Atelier lyrique d<\/span><span class=\"NormalTextRun SCXW80684133 BCX8\">e la Verbier Festival <\/span><span class=\"NormalTextRun SpellingErrorV2Themed SCXW80684133 BCX8\">Academy<\/span><span class=\"NormalTextRun SCXW80684133 BCX8\">.<\/span><\/span><span class=\"EOP SCXW80684133 BCX8\" data-ccp-props=\"{&quot;134233117&quot;:false,&quot;134233118&quot;:false,&quot;335559738&quot;:0,&quot;335559739&quot;:0}\">\u00a0<\/span><\/p>\n<p style=\"text-align: left;\"><img loading=\"lazy\" decoding=\"async\" class=\"wp-image-22132 alignnone\" src=\"\/wp-content\/uploads\/2022\/02\/Piano_icon-2022.png\" alt=\"\" width=\"35\" height=\"32\" \/> : Martin Dub\u00e9<\/p>\n<p>&nbsp;<\/p>\n<p style=\"text-align: left;\"><span style=\"font-size: 14px;\"><strong>Professeurs principaux <\/strong><\/span><\/p>\n<ul>\n<li style=\"text-align: left;\"><span class=\"TextRun SCXW103057902 BCX8\" lang=\"EN-US\" xml:lang=\"EN-US\" data-contrast=\"auto\"><span class=\"NormalTextRun SCXW103057902 BCX8\">Dmitry <\/span><span class=\"NormalTextRun SpellingErrorV2Themed SCXW103057902 BCX8\">Vdovin<\/span><\/span><span class=\"EOP SCXW103057902 BCX8\" data-ccp-props=\"{&quot;134233117&quot;:false,&quot;134233118&quot;:false,&quot;335559738&quot;:0,&quot;335559739&quot;:0}\">\u00a0<\/span><\/li>\n<\/ul>\n<p style=\"text-align: left;\"><span style=\"font-size: 14px;\"><strong>Concours majeurs <\/strong><\/span><\/p>\n<ul>\n<li style=\"text-align: left;\"><span class=\"TextRun SCXW20509911 BCX8\" lang=\"EN-US\" xml:lang=\"EN-US\" data-contrast=\"auto\"><span class=\"NormalTextRun SCXW20509911 BCX8\">2<\/span><\/span><span class=\"TextRun SCXW20509911 BCX8\" lang=\"EN-US\" xml:lang=\"EN-US\" data-contrast=\"auto\"><span class=\"NormalTextRun Superscript SCXW20509911 BCX8\" data-fontsize=\"11\">e<\/span><\/span><span class=\"TextRun SCXW20509911 BCX8\" lang=\"EN-US\" xml:lang=\"EN-US\" data-contrast=\"auto\"><span class=\"NormalTextRun SCXW20509911 BCX8\"> prix, International Vocal Competition &lsquo;s-Hertogenbosch (Lied Duo), 2023<\/span><\/span><span class=\"EOP SCXW20509911 BCX8\" data-ccp-props=\"{&quot;134233117&quot;:false,&quot;134233118&quot;:false,&quot;335559738&quot;:0,&quot;335559739&quot;:0}\">\u00a0<\/span><\/li>\n<\/ul>\n<p style=\"text-align: left;\">\u00a0<\/p>\n<p style=\"text-align: left;\"><strong><span style=\"font-size: 18px;\"><span class=\"TextRun SCXW80684133 BCX8\" lang=\"FR-FR\" xml:lang=\"FR-FR\" data-contrast=\"auto\"><span class=\"NormalTextRun SCXW80684133 BCX8\">Daria <\/span><span class=\"NormalTextRun SpellingErrorV2Themed SCXW80684133 BCX8\">Brusova <\/span><\/span>a d\u00fb d\u00e9clarer forfait.<\/span><\/strong><\/p>\n<p style=\"text-align: left;\"><span style=\"font-size: 14px;\"><br \/><\/span><\/p>\n<p style=\"text-align: left;\"><a class=\"maxbutton-141 maxbutton maxbutton-billets-et-forfaits\" href=\"https:\/\/www.concoursmontreal.ca\/fr\/violon-2026\/billetterie\/\"><span class='mb-text'>BILLETS ET FORFAITS<\/span><\/a> <\/p>\n<a class=\"maxbutton-168 maxbutton maxbutton-je-soutiens-le-concours\" target=\"_blank\" rel=\"noopener\" href=\"https:\/\/www.jedonneenligne.org\/cmim\/?lng=0\"><span class='mb-text'>JE SOUTIENS LE CONCOURS<\/span><\/a>\n<p>&nbsp;<\/p>\n","protected":false},"excerpt":{"rendered":"<p>&nbsp; Daria Brusova est pr\u00e9sentement membre du Dutch National Opera Studio, o\u00f9 elle interpr\u00e9tera notamment cette ann\u00e9e les r\u00f4les d\u2019Il Paggio dans Rigoletto et Belinda dans Didon et \u00c9n\u00e9e. La soprano a obtenu son baccalaur\u00e9at au Conservatoire d\u2019\u00c9tat de Moscou et a particip\u00e9 au programme pour jeunes artistes du Th\u00e9\u00e2tre Bolsho\u00ef de la m\u00eame ville. [&hellip;]<\/p>\n","protected":false},"featured_media":36955,"template":"","class_list":["post-37362","cmim-competitors","type-cmim-competitors","status-publish","has-post-thumbnail","hentry"],"acf":{"cmim_competitors_photo_credits":"","cmim_competitors_date_of_birth":"Ville de r\u00e9sidence : Amsterdam <br\/><br\/>27 ans","cmim_competitors_country":"Russie","cmim_competitors_range":"SOPRANO "},"featured_media_src_url":"\/wp-content\/uploads\/2025\/01\/Voix_2025_concurrents_Brusova_Daria_carre-web_400x400.jpg","_links":{"self":[{"href":"https:\/\/concoursmontreal.ca\/fr\/wp-json\/wp\/v2\/cmim-competitors\/37362","targetHints":{"allow":["GET"]}}],"collection":[{"href":"https:\/\/concoursmontreal.ca\/fr\/wp-json\/wp\/v2\/cmim-competitors"}],"about":[{"href":"https:\/\/concoursmontreal.ca\/fr\/wp-json\/wp\/v2\/types\/cmim-competitors"}],"version-history":[{"count":6,"href":"https:\/\/concoursmontreal.ca\/fr\/wp-json\/wp\/v2\/cmim-competitors\/37362\/revisions"}],"predecessor-version":[{"id":39816,"href":"https:\/\/concoursmontreal.ca\/fr\/wp-json\/wp\/v2\/cmim-competitors\/37362\/revisions\/39816"}],"wp:featuredmedia":[{"embeddable":true,"href":"https:\/\/concoursmontreal.ca\/fr\/wp-json\/wp\/v2\/media\/36955"}],"wp:attachment":[{"href":"https:\/\/concoursmontreal.ca\/fr\/wp-json\/wp\/v2\/media?parent=37362"}],"curies":[{"name":"wp","href":"https:\/\/api.w.org\/{rel}","templated":true}]}}