{"id":31967,"date":"2024-01-31T13:00:48","date_gmt":"2024-01-31T18:00:48","guid":{"rendered":"https:\/\/concoursmontreal.ca\/?post_type=cmim-competitors&#038;p=31967"},"modified":"2024-05-17T19:06:04","modified_gmt":"2024-05-17T23:06:04","slug":"jaeden-izik-dzurko","status":"publish","type":"cmim-competitors","link":"https:\/\/concoursmontreal.ca\/fr\/concurrents\/jaeden-izik-dzurko\/","title":{"rendered":"Jaeden Izik-Dzurko"},"content":{"rendered":"<p style=\"text-align: left;\"><a class=\"maxbutton-137 maxbutton maxbutton-piano-2024-fr\" href=\"https:\/\/www.concoursmontreal.ca\/fr\/a_propos\/archives\/piano-2024\/\"><span class='mb-text'>Piano 2024<\/span><\/a><\/p>\n\n<p>&nbsp;<\/p>\n<p style=\"text-align: left;\"><span style=\"font-size: 14px; color: #fc4237;\" data-contrast=\"auto\"><strong>Grand Laur\u00e9at &#8211; 1<sup>er<\/sup> Prix Sibylla Hesse<\/strong><\/span><\/p>\n<p style=\"text-align: left;\"><span style=\"color: #fc4237; font-size: 14px;\" data-contrast=\"auto\"><strong><b>Prix Andr\u00e9-Bourbeau de la meilleure ou du meilleur artiste canadien<\/b><\/strong><\/span><\/p>\n<p style=\"text-align: left;\"><span style=\"color: #fc4237; font-size: 14px;\"><b>Prix de la meilleure interpr\u00e9tation d\u2019une sonate en demi-finale<\/b><\/span><\/p>\n<p style=\"text-align: left;\"><span style=\"color: #fc4237; font-size: 14px;\"><b>Prix Andr\u00e9-Bachand pour la meilleure interpr\u00e9tation de l\u2019\u0153uvre canadienne impos\u00e9e<\/b><\/span><\/p>\n<p>&nbsp;<\/p>\n<p style=\"text-align: left;\"><span data-contrast=\"auto\">Reconnu en 2021 comme l\u2019un des<\/span> <span data-contrast=\"auto\">\u00ab 30 Hot Canadian Classical Musicians Under 30 \u00bb<\/span><span data-contrast=\"auto\"> par CBC, le pianiste Jaeden Izik-Dzurko est laur\u00e9at du premier prix du Concours international de piano Hilton Head 2022 et du Concours international de musique Maria Canals 2022. Plus r\u00e9cemment, il a re\u00e7u le premier prix, le Prix Canon du public et le Prix de Musique de Chambre au <\/span><span data-contrast=\"auto\">20<\/span><sup><span data-contrast=\"auto\">e<\/span><\/sup><span data-contrast=\"auto\"> Concours International de Piano Paloma O&rsquo;Shea Santander.<\/span><span data-ccp-props=\"{}\">\u00a0<\/span><\/p>\n<p style=\"text-align: left;\"><span data-contrast=\"auto\">Jaeden s&rsquo;est produit en tant que soliste vedette avec l&rsquo;Orchestre symphonique de Calgary, l&rsquo;Orchestre symphonique de Hilton Head, l&rsquo;Orchestre symphonique de l&rsquo;Okanagan, l&rsquo;Orchestre symphonique de Kamloops, le Jove Orquestra Nacional de Catalunya et l&rsquo;Orquesta Sinf\u00f3nica de Madrid. Sa prestation a \u00e9t\u00e9 diffus\u00e9e \u00e0 l\u2019\u00e9mission In Concert de CBC Radio, Young Artists Showcase de WQXR et Performance Today d\u2019APM. Jaeden s&rsquo;est produit dans des lieux tels que le Wigmore Hall de Londres, le Weill Recital Hall de New York, la Salle Cortot de Paris et l&rsquo;Auditorio Nacional de M\u00fasica de Madrid.<\/span><span data-ccp-props=\"{}\">\u00a0<\/span><\/p>\n<p style=\"text-align: left;\"><span data-contrast=\"auto\">N\u00e9 \u00e0 Salmon Arm, en Colombie-Britannique, Jaeden a obtenu son baccalaur\u00e9at en musique \u00e0 la Juilliard School, sous la direction du <\/span><span data-contrast=\"auto\">D<\/span><sup><span data-contrast=\"auto\">r<\/span><\/sup><span data-contrast=\"auto\"> Yoheved Kaplinsky, et sa ma\u00eetrise en musique avec le <\/span><span data-contrast=\"auto\">D<\/span><sup><span data-contrast=\"auto\">r<\/span><\/sup><span data-contrast=\"auto\"> Corey Hamm \u00e0 l&rsquo;Universit\u00e9 de la Colombie-Britannique. Il \u00e9tudie actuellement avec le <\/span><span data-contrast=\"auto\">D<\/span><sup><span data-contrast=\"auto\">r<\/span><\/sup><span data-contrast=\"auto\"> Jacob Leuschner \u00e0 la Detmold Hochschule f\u00fcr Musik et le <\/span><span data-contrast=\"auto\">D<\/span><sup><span data-contrast=\"auto\">r<\/span><\/sup><span data-contrast=\"auto\"> Benedetto Lupo \u00e0 l&rsquo;Accademia Nazionale di Santa Cecilia.<\/span><span data-ccp-props=\"{}\">\u00a0<\/span><\/p>\n<p style=\"text-align: left;\">\u00a0<\/p>\n<p style=\"text-align: left;\"><strong><span style=\"font-size: 14px;\">Principaux professeurs\u00a0<\/span><\/strong><\/p>\n<ul>\n<li style=\"text-align: left;\"><span style=\"font-size: 14px;\">Jacob Leuschner, depuis 2023 <\/span><\/li>\n<li style=\"text-align: left;\"><span style=\"font-size: 14px;\">Benedetto Lupo, depuis 2023<\/span><\/li>\n<li style=\"text-align: left;\"><span style=\"font-size: 14px;\">Corey Hamm, 2021-2023<\/span><\/li>\n<li style=\"text-align: left;\"><span style=\"font-size: 14px;\">Yoheved Kaplinsky, 2017-2021<\/span><span style=\"font-size: 14px;\">\u00a0<\/span><\/li>\n<\/ul>\n<p style=\"text-align: left;\"><span style=\"font-size: 14px;\" data-ccp-props=\"{&quot;469777462&quot;:[3588,6208,10188],&quot;469777927&quot;:[0,0,0],&quot;469777928&quot;:[1,1,1]}\">\u00a0<br \/><\/span><strong><span style=\"font-size: 14px;\">Principaux concours\u00a0<\/span><\/strong><\/p>\n<ul>\n<li style=\"text-align: left;\"><span style=\"font-size: 14px;\">1<sup>er<\/sup> prix, prix de musique de chambre et prix du public, Concurso de Piano de Santander Paloma O\u2019Shea, 2022<\/span><\/li>\n<li style=\"text-align: left;\"><span style=\"font-size: 14px;\">1<\/span><sup>er<\/sup><span style=\"font-size: 14px;\"> prix, <\/span><span style=\"font-size: 14px;\">Concurs Internacional<\/span> <span style=\"font-size: 14px;\">de M\u00fasica Maria Canals de Barcelona<\/span><span style=\"font-size: 14px;\">, 2022<\/span><\/li>\n<li style=\"text-align: left;\"><span style=\"font-size: 14px;\">1<\/span><sup>er<\/sup> <span style=\"font-size: 14px;\">prix, Hilton Head International Piano Competition, 2022\u00a0<\/span><\/li>\n<li style=\"text-align: left;\"><span style=\"font-size: 14px;\">Finaliste, Concours OSM, 2022<\/span><span style=\"font-size: 14px;\">\u00a0<\/span><\/li>\n<\/ul>\n<p>&nbsp;<\/p>\n<h2 style=\"text-align: left;\"><b><span data-contrast=\"none\"><span style=\"color: #ff0000;\">ProgramME<\/span><\/span><\/b><\/h2>\n<p style=\"text-align: left;\"><span style=\"font-size: 14px;\"><b>PREMI\u00c8RE \u00c9PREUVE : R\u00c9CITAL<\/b>\u00a0<\/span><\/p>\n<p style=\"text-align: left;\"><span style=\"font-size: 14px;\"><b>Johann Sebastian Bach<br \/><\/b><\/span><span style=\"font-size: 14px;\">Toccata en do mineur, BWV 911\u00a0<\/span><\/p>\n<p style=\"text-align: left;\"><span style=\"font-size: 14px;\"><b>Alexandre Scriabine<br \/><\/b>Sonate n<sup>o<\/sup>\u00a05, op. 53<\/span><\/p>\n<p style=\"text-align: left;\"><span style=\"font-size: 14px;\"><b>Fr\u00e9d\u00e9ric Chopin<br \/><\/b><\/span><span style=\"font-size: 14px;\">Scherzo n<sup>o<\/sup> 1 en si mineur, op. 20\u00a0<\/span><\/p>\n<p style=\"text-align: left;\"><span style=\"font-size: 14px;\" data-ccp-props=\"{&quot;469777462&quot;:[180,5040],&quot;469777927&quot;:[0,0],&quot;469777928&quot;:[1,4]}\">\u00a0<\/span><\/p>\n<p style=\"text-align: left;\"><span style=\"font-size: 14px;\"><b>DEMI-FINALE : MUSIQUE DE CHAMBRE<\/b>\u00a0<\/span><\/p>\n<p style=\"text-align: left;\"><span style=\"font-size: 14px;\"><b>Robert Schumann<br \/><\/b><\/span><span style=\"font-size: 14px;\">Quatuor avec piano en mi b\u00e9mol majeur, op. 47<br \/><\/span><span style=\"font-size: 12px;\">Sostenuto\u202fassai &#8211; Allegro ma non troppo\u00a0<\/span><\/p>\n<p style=\"text-align: left;\"><span style=\"font-size: 14px;\" data-ccp-props=\"{&quot;201341983&quot;:0,&quot;335559739&quot;:160,&quot;335559740&quot;:259,&quot;469777462&quot;:[180,5040],&quot;469777927&quot;:[0,0],&quot;469777928&quot;:[1,4]}\">\u00a0<\/span><\/p>\n<p style=\"text-align: left;\"><span style=\"font-size: 14px;\"><b>DEMI-FINALE : R\u00c9CITAL<\/b>\u00a0<\/span><\/p>\n<p style=\"text-align: left;\"><span style=\"font-size: 14px;\"><b>Barbara Assiginaak<br \/><\/b><\/span><span style=\"font-size: 14px;\"><i>Mzizaakok Miiniwaa Mzizaakoonsak <\/i>(Taons et mouches \u00e0 chevreuil)\u00a0<\/span><\/p>\n<p style=\"text-align: left;\"><span style=\"font-size: 14px;\"><b>Ludwig van Beethoven<br \/><\/b><\/span><span style=\"font-size: 14px;\"><i>Andante favori <\/i>en fa majeur<i>, <\/i>WoO 57\u00a0<\/span><\/p>\n<p style=\"text-align: left;\"><span style=\"font-size: 14px;\"><b>Sergue\u00ef\u202fRachmaninov<br \/><\/b><\/span><span style=\"font-size: 14px;\">Sonate n<sup>o<\/sup> 1 en r\u00e9 mineur, op. 28<br \/><\/span><span style=\"font-size: 12px;\">Allegro moderato \u2022 Lento \u2022 Allegro molto\u00a0<\/span><\/p>\n<p style=\"text-align: left;\"><span style=\"font-size: 14px;\" data-ccp-props=\"{&quot;469777462&quot;:[180,5040],&quot;469777927&quot;:[0,0],&quot;469777928&quot;:[1,4]}\">\u00a0<\/span><\/p>\n<p style=\"text-align: left;\"><span style=\"font-size: 14px;\"><b>FINALE : CONCERTO<\/b>\u00a0<\/span><\/p>\n<p style=\"text-align: left;\"><span style=\"font-size: 14px;\"><b>Johannes Brahms<br \/><\/b><\/span><span style=\"font-size: 14px;\">Concerto n<sup>o<\/sup> 2 en si b\u00e9mol majeur, op. 83<br \/><\/span><span style=\"font-size: 12px;\">Allegro non troppo \u2022 Allegro appassionato \u2022 Andante \u2022 Allegretto grazioso \u2013 Un poco pi\u00f9 presto\u00a0<\/span><\/p>\n<p style=\"text-align: left;\">\u00a0<\/p>\n<p><a href=\"https:\/\/concoursmontreal.ca\/fr\/concurrents\/carter-johnson\/\"><img loading=\"lazy\" decoding=\"async\" class=\"alignright wp-image-17690 size-full\" src=\"\/wp-content\/uploads\/2021\/02\/next-button.png\" alt=\"\" width=\"80\" height=\"80\" \/><\/a><\/p>\n<p style=\"text-align: left;\"><a href=\"\/wp-content\/uploads\/2023\/09\/coeur_logo.png\"><img loading=\"lazy\" decoding=\"async\" class=\"alignleft size-full wp-image-33900\" src=\"\/wp-content\/uploads\/2023\/09\/coeur_logo.png\" alt=\"\" width=\"60\" height=\"56\" \/><\/a><\/p>\n<p style=\"text-align: left;\"><span style=\"font-size: 14px;\"><strong>Adoptez un musicien<br \/><\/strong>La pr\u00e9sence \u00e0 Montr\u00e9al de Jaeden Izik-Dzurko<\/span><br \/><span style=\"font-size: 14px;\">est g\u00e9n\u00e9reusement soutenue par Jenne Neyron et Jean-Luc Malo<\/span><\/p>\n<p>&nbsp;<\/p>\n<p style=\"text-align: left;\"><\/p>\n<p style=\"text-align: left;\"><a class=\"maxbutton-74 maxbutton maxbutton-donnez-au-concours\" href=\"https:\/\/www.concoursmontreal.ca\/fr\/appuyez\/faire-un-don\/\"><span class='mb-text'>DONNEZ AU CONCOURS<\/span><\/a><\/p>\n","protected":false},"excerpt":{"rendered":"<p>&nbsp; Grand Laur\u00e9at &#8211; 1er Prix Sibylla Hesse Prix Andr\u00e9-Bourbeau de la meilleure ou du meilleur artiste canadien Prix de la meilleure interpr\u00e9tation d\u2019une sonate en demi-finale Prix Andr\u00e9-Bachand pour la meilleure interpr\u00e9tation de l\u2019\u0153uvre canadienne impos\u00e9e &nbsp; Reconnu en 2021 comme l\u2019un des \u00ab 30 Hot Canadian Classical Musicians Under 30 \u00bb par CBC, [&hellip;]<\/p>\n","protected":false},"featured_media":32061,"template":"","class_list":["post-31967","cmim-competitors","type-cmim-competitors","status-publish","has-post-thumbnail","hentry"],"acf":{"cmim_competitors_photo_credits":"","cmim_competitors_date_of_birth":"05\/01\/1999<br\/><br\/> Ville de r\u00e9sidence : Salmon Arm","cmim_competitors_country":"Canada","cmim_competitors_range":""},"featured_media_src_url":"\/wp-content\/uploads\/2024\/01\/400_CMIM_Piano2024_Jaeden_Izik-Dzurko.jpg","_links":{"self":[{"href":"https:\/\/concoursmontreal.ca\/fr\/wp-json\/wp\/v2\/cmim-competitors\/31967","targetHints":{"allow":["GET"]}}],"collection":[{"href":"https:\/\/concoursmontreal.ca\/fr\/wp-json\/wp\/v2\/cmim-competitors"}],"about":[{"href":"https:\/\/concoursmontreal.ca\/fr\/wp-json\/wp\/v2\/types\/cmim-competitors"}],"version-history":[{"count":5,"href":"https:\/\/concoursmontreal.ca\/fr\/wp-json\/wp\/v2\/cmim-competitors\/31967\/revisions"}],"predecessor-version":[{"id":34850,"href":"https:\/\/concoursmontreal.ca\/fr\/wp-json\/wp\/v2\/cmim-competitors\/31967\/revisions\/34850"}],"wp:featuredmedia":[{"embeddable":true,"href":"https:\/\/concoursmontreal.ca\/fr\/wp-json\/wp\/v2\/media\/32061"}],"wp:attachment":[{"href":"https:\/\/concoursmontreal.ca\/fr\/wp-json\/wp\/v2\/media?parent=31967"}],"curies":[{"name":"wp","href":"https:\/\/api.w.org\/{rel}","templated":true}]}}