{"id":31951,"date":"2024-01-31T13:00:48","date_gmt":"2024-01-31T18:00:48","guid":{"rendered":"https:\/\/concoursmontreal.ca\/?post_type=cmim-competitors&#038;p=31951"},"modified":"2024-10-22T09:41:36","modified_gmt":"2024-10-22T13:41:36","slug":"saeyoon-chon","status":"publish","type":"cmim-competitors","link":"https:\/\/concoursmontreal.ca\/fr\/concurrents\/saeyoon-chon\/","title":{"rendered":"Saeyoon Chon"},"content":{"rendered":"<p style=\"text-align: left;\"><a class=\"maxbutton-137 maxbutton maxbutton-piano-2024-fr\" href=\"https:\/\/www.concoursmontreal.ca\/fr\/a_propos\/archives\/piano-2024\/\"><span class='mb-text'>Piano 2024<\/span><\/a><\/p>\n\n<p>&nbsp;<\/p>\n<p style=\"text-align: left;\"><span style=\"font-size: 14px;\">Le pianiste sud-cor\u00e9en Saeyoon Chon a remport\u00e9 le premier prix au Concours international de piano de Dublin 2018 et a remport\u00e9 des prix majeurs lors de concours internationaux de piano notamment Maria Canals, Vendome, Valencia, Hanoi, Los Angeles, Orford, Cooper, Isdor Basic, S\u00e9oul et le Hilton Head.\u00a0<\/span><\/p>\n<p style=\"text-align: left;\"><span style=\"font-size: 14px;\">Il s&rsquo;est produit au Verbier Festival, o\u00f9 il a re\u00e7u le prestigieux Tabor Award r\u00e9compensant le meilleur pianiste dans les programmes de solistes, et a \u00e9galement jou\u00e9 aux festivals du Four Seasons, Orford et Rockport. Il rejoindra le Ravinia Festival cet \u00e9t\u00e9.\u00a0<\/span><\/p>\n<p style=\"text-align: left;\"><span style=\"font-size: 14px;\">Chon a fait ses d\u00e9buts professionnels \u00e0 New York au Carnegie Hall et a donn\u00e9 des r\u00e9citals solos au Gewandhaus de Leipzig, Elbphilharmonie Hamburg, Seoul Arts Center de S\u00e9oul, Koerner Hall \u00e0 Toronto, National Concert Hall \u00e0 Dublin, Hong Kong City Hall, et bien d&rsquo;autres. \u00a0<\/span><\/p>\n<p style=\"text-align: left;\"><span style=\"font-size: 14px;\">Chon a d\u2019abord \u00e9tudi\u00e9 le piano dans son pays natal avec Hyoung-Joon Chang. Il a obtenu son baccalaur\u00e9at en musique gr\u00e2ce \u00e0 une bourse compl\u00e8te \u00e0 la Glenn Gould School du Royal Conservatory of Music de Toronto, en \u00e9tudiant avec John O\u2019Conor. Il a \u00e9galement compl\u00e9t\u00e9 le dipl\u00f4me d\u2019artiste \u00e0 la Glenn Gould School. Durant cette p\u00e9riode, Chon est devenu r\u00e9cipiendaire du prestigieux Prix Ihnatowycz. Il a compl\u00e9t\u00e9 sa ma\u00eetrise \u00e0 la Juilliard School \u00e0 New York avec Robert McDonald.\u00a0\u00a0<\/span><\/p>\n<p style=\"text-align: left;\"><span style=\"font-size: 14px;\">Chon s&rsquo;est produit avec de nombreux orchestres, notamment ceux de Cleveland, S\u00e9oul, Hong Kong, Valence, Hilton Head, Astana, l&rsquo;orchestre symphonique national de la RTE \u00e0 Dublin et bien d&rsquo;autres.\u00a0<\/span><\/p>\n<p>&nbsp;<\/p>\n<p style=\"text-align: left;\"><strong><span style=\"font-size: 14px;\" data-contrast=\"none\"><span class=\"TextRun Underlined SCXW106508649 BCX4\" lang=\"FR-CA\" xml:lang=\"FR-CA\" data-contrast=\"none\"><span class=\"NormalTextRun SCXW106508649 BCX4\">Principaux professeurs<\/span><\/span><span class=\"EOP SCXW106508649 BCX4\" data-ccp-props=\"{}\">\u00a0<\/span><\/span><\/strong><\/p>\n<ul>\n<li style=\"text-align: left;\"><span style=\"font-size: 14px;\">Robert McDonald, depuis 2021 \u00a0<\/span><\/li>\n<li style=\"text-align: left;\"><span style=\"font-size: 14px;\">John O\u2019Conor 2015-2020\u00a0<\/span><\/li>\n<\/ul>\n<p style=\"text-align: left;\"><span style=\"font-size: 14px;\" data-ccp-props=\"{}\">\u00a0<br \/><\/span><strong><span style=\"font-size: 14px;\">Principaux concours\u00a0<\/span><\/strong><\/p>\n<ul>\n<li style=\"text-align: left;\"><span style=\"font-size: 14px;\">4<sup>e<\/sup> prix, Concurs Internacional de M\u00fasica Maria Canals de Barcelona, 2022 \u00a0<\/span><\/li>\n<li style=\"text-align: left;\"><span style=\"font-size: 14px;\">3<sup>e<\/sup> prix, Concours de piano Vend\u00f4me, Verbier Festival, 2019 <\/span><\/li>\n<li style=\"text-align: left;\"><span style=\"font-size: 14px;\">1<sup>er<\/sup> prix, Dublin International Piano Competition, 2018 \u00a0<\/span><\/li>\n<li style=\"text-align: left;\"><span style=\"font-size: 14px;\">3<sup>e<\/sup> prix, Los Angeles Piano Competition, 2018\u00a0<\/span><\/li>\n<\/ul>\n<p style=\"text-align: left;\">\u00a0<\/p>\n<h2 style=\"text-align: left;\"><b><span data-contrast=\"none\"><span style=\"color: #ff0000;\">ProgramME<\/span><\/span><\/b><\/h2>\n<p style=\"text-align: left;\"><span style=\"font-size: 14px;\"><b>PREMI\u00c8RE \u00c9PREUVE : R\u00c9CITAL<\/b>\u00a0<\/span><\/p>\n<p style=\"text-align: left;\"><span style=\"font-size: 14px;\"><b>Ludwig van Beethoven<br \/><\/b><\/span><span style=\"font-size: 14px;\">Sonate en fa majeur, op. 10 n<sup>o<\/sup> 2<br \/><\/span><span style=\"font-size: 12px;\">Allegro \u2022 Allegretto \u2022 Presto\u00a0<\/span><\/p>\n<p style=\"text-align: left;\"><span style=\"font-size: 14px;\"><b>Henri Dutilleux<br \/><\/b><\/span><span style=\"font-size: 14px;\">Sonate<br \/><\/span><span style=\"font-size: 12px;\">Choral et Variations\u00a0<\/span><\/p>\n<p style=\"text-align: left;\"><span style=\"font-size: 14px;\"><b>Franz Liszt<br \/><\/b><\/span><span style=\"font-size: 14px;\"><i>Rhapsodie espagnole<\/i>, S. 254<br \/><\/span><span style=\"font-size: 12px;\">Lento &#8211; Folies d\u2019Espagne (Andante moderato) &#8211; Jota aragonesa (Allegro) &#8211; Un poco meno allegro &#8211; Sempre presto e fortissimo &#8211; Non troppo allegro\u00a0<\/span><\/p>\n<p>&nbsp;<\/p>\n<p style=\"text-align: left;\"><a href=\"\/wp-content\/uploads\/2023\/09\/coeur_logo.png\"><img loading=\"lazy\" decoding=\"async\" class=\"alignleft size-full wp-image-33900\" src=\"\/wp-content\/uploads\/2023\/09\/coeur_logo.png\" alt=\"\" width=\"60\" height=\"56\" \/><\/a><\/p>\n<p style=\"text-align: left;\"><span style=\"font-size: 14px;\"><strong>Adoptez un musicien<br \/><\/strong>La pr\u00e9sence \u00e0 Montr\u00e9al de Saeyoon Chon<\/span><br \/><span style=\"font-size: 14px;\">est g\u00e9n\u00e9reusement soutenue par Pierre-Paul Jodoin<\/span><\/p>\n<p>&nbsp;<\/p>\n<p><a href=\"https:\/\/concoursmontreal.ca\/fr\/concurrents\/yungyung-guo\/\"><img loading=\"lazy\" decoding=\"async\" class=\"alignright wp-image-17690 size-full\" src=\"\/wp-content\/uploads\/2021\/02\/next-button.png\" alt=\"\" width=\"80\" height=\"80\" \/><\/a><\/p>\n<p>&nbsp;<\/p>\n<p style=\"text-align: left;\"><\/p>\n<p style=\"text-align: left;\"><a class=\"maxbutton-74 maxbutton maxbutton-donnez-au-concours\" href=\"https:\/\/www.concoursmontreal.ca\/fr\/appuyez\/faire-un-don\/\"><span class='mb-text'>DONNEZ AU CONCOURS<\/span><\/a><\/p>\n","protected":false},"excerpt":{"rendered":"<p>&nbsp; Le pianiste sud-cor\u00e9en Saeyoon Chon a remport\u00e9 le premier prix au Concours international de piano de Dublin 2018 et a remport\u00e9 des prix majeurs lors de concours internationaux de piano notamment Maria Canals, Vendome, Valencia, Hanoi, Los Angeles, Orford, Cooper, Isdor Basic, S\u00e9oul et le Hilton Head.\u00a0 Il s&rsquo;est produit au Verbier Festival, o\u00f9 [&hellip;]<\/p>\n","protected":false},"featured_media":32053,"template":"","class_list":["post-31951","cmim-competitors","type-cmim-competitors","status-publish","has-post-thumbnail","hentry"],"acf":{"cmim_competitors_photo_credits":"","cmim_competitors_date_of_birth":"08\/11\/1995<br\/><br\/> Ville de r\u00e9sidence : New York","cmim_competitors_country":"Cor\u00e9e du Sud","cmim_competitors_range":""},"featured_media_src_url":"\/wp-content\/uploads\/2024\/01\/400_CMIM_Piano2024_Saeyoon_Chon.png","_links":{"self":[{"href":"https:\/\/concoursmontreal.ca\/fr\/wp-json\/wp\/v2\/cmim-competitors\/31951","targetHints":{"allow":["GET"]}}],"collection":[{"href":"https:\/\/concoursmontreal.ca\/fr\/wp-json\/wp\/v2\/cmim-competitors"}],"about":[{"href":"https:\/\/concoursmontreal.ca\/fr\/wp-json\/wp\/v2\/types\/cmim-competitors"}],"version-history":[{"count":5,"href":"https:\/\/concoursmontreal.ca\/fr\/wp-json\/wp\/v2\/cmim-competitors\/31951\/revisions"}],"predecessor-version":[{"id":35896,"href":"https:\/\/concoursmontreal.ca\/fr\/wp-json\/wp\/v2\/cmim-competitors\/31951\/revisions\/35896"}],"wp:featuredmedia":[{"embeddable":true,"href":"https:\/\/concoursmontreal.ca\/fr\/wp-json\/wp\/v2\/media\/32053"}],"wp:attachment":[{"href":"https:\/\/concoursmontreal.ca\/fr\/wp-json\/wp\/v2\/media?parent=31951"}],"curies":[{"name":"wp","href":"https:\/\/api.w.org\/{rel}","templated":true}]}}